{"id":386,"date":"2014-03-22T19:43:42","date_gmt":"2014-03-22T19:43:42","guid":{"rendered":"http:\/\/trauerlichtung.wordpress.com\/?page_id=8"},"modified":"2014-03-22T19:43:42","modified_gmt":"2014-03-22T19:43:42","slug":"trauer_abschied","status":"publish","type":"page","link":"https:\/\/trauerlichtung.de\/?page_id=386","title":{"rendered":"trauer \/ abschied"},"content":{"rendered":"<p>Wir sind offen f\u00fcr die Wahrung von Traditionen in allen Kulturen, m\u00f6chten Sie aber auch ermutigen, neue Wege zu gehen und unterst\u00fctzen Sie, einen wirklich pers\u00f6nlichen Abschied von Ihrer oder Ihrem Verstorbenen zu erleben. Dabei k\u00f6nnen wundersch\u00f6ne Rituale entstehen, die in die Abschiedsfeier eingebunden werden k\u00f6nnen.<\/p>\n<p>Es ist uns ein Herzensanliegen M\u00e4nnern, Frauen und Kindern nach ihrem Tod einen gesch\u00fctzten Raum, unseren ganzen Respekt und unsere liebevolle F\u00fcrsorge zu geben, bis sie der Erde, dem Feuer, dem Wasser oder der Luft \u00fcbergeben werden. Es gibt beinahe unbegrenzte M\u00f6glichkeiten verschiedenste Bestattungsarten und Formen der Erinnerung zu kombinieren. So einzigartig wir der Verstorbene war, so individuell und pers\u00f6nlich m\u00f6chten wir diesen Abschied und die Bestattung gestalten. Wenn Sie w\u00fcnschen, \u00fcbernehmen wir gerne die Ausarbeitung der Trauerrede.<\/p>\n<p>Die Art und Weise, wie wir einen Menschen in Erinnerung halten wollen, die Gestaltung der Abschiedszeremonie und die kunstvolle Gestaltung von S\u00e4rgen oder Urnen spiegelt die Einstellung zum Tod und auch die Einstellung zum Leben. Sie, als Angeh\u00f6rige, haben die M\u00f6glichkeit kreativ mit oder selbst zu gestalten.<\/p>\n","protected":false},"excerpt":{"rendered":"<p>Wir sind offen f\u00fcr die Wahrung von Traditionen in allen Kulturen, m\u00f6chten Sie aber auch ermutigen, neue Wege zu gehen und unterst\u00fctzen Sie, einen wirklich pers\u00f6nlichen Abschied von Ihrer oder Ihrem Verstorbenen zu erleben. Dabei k\u00f6nnen wundersch\u00f6ne Rituale entstehen, die&hellip;<\/p>\n<p class=\"more-link-p\"><a class=\"more-link\" href=\"https:\/\/trauerlichtung.de\/?page_id=386\">Read more &rarr;<\/a><\/p>\n","protected":false},"author":1,"featured_media":0,"parent":0,"menu_order":0,"comment_status":"closed","ping_status":"closed","template":"","meta":{"footnotes":""},"_links":{"self":[{"href":"https:\/\/trauerlichtung.de\/index.php?rest_route=\/wp\/v2\/pages\/386"}],"collection":[{"href":"https:\/\/trauerlichtung.de\/index.php?rest_route=\/wp\/v2\/pages"}],"about":[{"href":"https:\/\/trauerlichtung.de\/index.php?rest_route=\/wp\/v2\/types\/page"}],"author":[{"embeddable":true,"href":"https:\/\/trauerlichtung.de\/index.php?rest_route=\/wp\/v2\/users\/1"}],"replies":[{"embeddable":true,"href":"https:\/\/trauerlichtung.de\/index.php?rest_route=%2Fwp%2Fv2%2Fcomments&post=386"}],"version-history":[{"count":0,"href":"https:\/\/trauerlichtung.de\/index.php?rest_route=\/wp\/v2\/pages\/386\/revisions"}],"wp:attachment":[{"href":"https:\/\/trauerlichtung.de\/index.php?rest_route=%2Fwp%2Fv2%2Fmedia&parent=386"}],"curies":[{"name":"wp","href":"https:\/\/api.w.org\/{rel}","templated":true}]}}